{"id":152,"date":"2016-02-07T12:57:33","date_gmt":"2016-02-07T12:57:33","guid":{"rendered":"http:\/\/parafiasmardzewo.pl\/?page_id=152"},"modified":"2016-02-07T12:57:33","modified_gmt":"2016-02-07T12:57:33","slug":"o-patronie","status":"publish","type":"page","link":"https:\/\/parafiasmardzewo.pl\/?page_id=152","title":{"rendered":"O patronie"},"content":{"rendered":"<h4 style=\"text-align: justify;\"><strong><em>\u015aw. Stanis\u0142aw Kostka<\/em><\/strong> urodzi\u0142 si\u0119 w grudniu 1550 r. w Rostkowie. Ochrzczony zosta\u0142 w ko\u015bciele parafialnym \u015bw. Wojciecha w Przasnyszu. Rodzice jego \u2013 Jan Kostka, kasztelan zakroczymski i Ma\u0142gorzata z Kryskich, pochodz\u0105ca z Drobina ko\u0142o P\u0142ocka \u2013 byli bardzo religijni. Mia\u0142 czworo rodze\u0144stwa: trzech braci \u2013 Paw\u0142a, Wojciecha i Miko\u0142aja oraz siostr\u0119 Ann\u0119. Bracia \u2013 Wojciech i Miko\u0142aj zmarli w dzieci\u0144stwie.<\/h4>\n<h4 style=\"text-align: justify;\"><img loading=\"lazy\" class=\"alignleft size-full wp-image-176\" src=\"http:\/\/parafiasmardzewo.pl\/wp-content\/uploads\/2016\/02\/Kostka.png\" alt=\"Kostka\" width=\"200\" height=\"300\" \/>Stanis\u0142aw od najwcze\u015bniejszych lat \u017cycia wzrasta\u0142 w religijnej atmosferze rodzinnego domu, o kt\u00f3rej tak pisze jego brat Pawe\u0142: \u201eRodzice post\u0119powali z nami surowo i przyzwyczajali do modlitwy i uczciwo\u015bci. Wszyscy nas upominali i brali udzia\u0142 w naszym wychowaniu, wszystkich czcili\u015bmy, przez wszystkich byli\u015bmy kochani\u201d.<\/h4>\n<h4 style=\"text-align: justify;\">Do dwunastego roku \u017cycia Stanis\u0142aw pobiera\u0142 nauki w domu rodzic\u00f3w i u miejscowego kapelana. Nast\u0119pnie przez dwa lata razem z Paw\u0142em kszta\u0142ci\u0142 si\u0119 i wychowywa\u0142 pod opiek\u0105 m\u0142odego nauczyciela Jana Bili\u0144skiego. W czternastym roku \u017cycia, w pocz\u0105tkach lipca 1564 r., wyje\u017cd\u017ca z Paw\u0142em i Janem Bili\u0144skim na dalsz\u0105 nauk\u0119 do Wiednia.Zamieszka\u0142 w konwikcie, tzn. w internacie prowadzony przez Ojc\u00f3w Jezuit\u00f3w. By\u0142y to czasy tzw. reformacji. Cesarz Maksymilian II sk\u0142ania\u0142 si\u0119 do protestantyzmu. Po o\u015bmiu miesi\u0105cach pobytu w Kolegium, gdy Ojcom Jezuitom zabrano internat, Stanis\u0142aw musia\u0142 si\u0119 przenie\u015b\u0107 do domu luteranina Kimberkera.<\/h4>\n<h4 style=\"text-align: justify;\">Pocz\u0105tkowo nauka sprawia\u0142a Stanis\u0142awowi trudno\u015bci. W drugim jednak roku nale\u017ca\u0142 do najlepszych uczni\u00f3w, pod koniec za\u015b trzeciego roku prze\u015bcign\u0105\u0142 nawet najlepszych. Zawdzi\u0119cza\u0142 to nie tylko nieprzeci\u0119tnym zdolno\u015bciom, ale bardziej jeszcze pracowito\u015bci, pilno\u015bci i sumienno\u015bci, o czym \u015bwiadcz\u0105 jego notatki.<\/h4>\n<h4 style=\"text-align: justify;\">W\u015br\u00f3d koleg\u00f3w wyr\u00f3\u017cnia\u0142 si\u0119 pobo\u017cno\u015bci\u0105, skromno\u015bci\u0105 i umiarkowaniem. Mia\u0142 nabo\u017ce\u0144stwo do Naj\u015bwi\u0119tszego Sakramentu. Gorliwie s\u0142u\u017cy\u0142 do Mszy \u015bw., cz\u0119sto pozostawa\u0142 w ko\u015bciele lub kaplicy na adoracj\u0119. Odznacza\u0142 si\u0119 te\u017c szczeg\u00f3lnym nabo\u017ce\u0144stwem do Matki Bo\u017cej. Stanis\u0142aw, maj\u0105c zamiar wst\u0105pi\u0107 do zakonu Jezuit\u00f3w, usi\u0142owa\u0142 prowadzi\u0107 \u017cycie na wz\u00f3r zakonny, co by\u0142o powodem przykro\u015bci, jakie mia\u0142 ze strony starszego brata Paw\u0142a.<\/h4>\n<h4 style=\"text-align: justify;\">W czasie pobytu w Wiedniu, w grudniu 1566 roku, Stanis\u0142aw ci\u0119\u017cko zachorowa\u0142. Obawiano si\u0119 o jego \u017cycie. Powr\u00f3t do zdrowia zawdzi\u0119cza\u0142 cudownej interwencji Matki Bo\u017cej. Opowiada\u0142 potem w nowicjacie w Rzymie, \u017ce ujrza\u0142 Maryj\u0119 z Dzieci\u0105tkiem Jezus, kt\u00f3re z\u0142o\u017cy\u0142a mu na wyci\u0105gni\u0119te r\u0119ce. Otrzyma\u0142 wtedy polecenie wst\u0105pienia do Towarzystwa Jezusowego. Powsta\u0142y jednak trudno\u015bci nie do pokonania na miejscu. Ojciec nigdy nie zgodzi si\u0119, by jego syn zosta\u0142 zakonnikiem.<\/h4>\n<h4 style=\"text-align: justify;\">Kiedy Stanis\u0142aw przekona\u0142 si\u0119, \u017ce w Wiedniu nie mo\u017ce by\u0107 przyj\u0119ty do zakonu, zdecydowa\u0142 si\u0119 na czyn, wydawa\u0142oby si\u0119, szale\u0144czy. Dnia 10 sierpnia 1567 r., w niedziel\u0119 rano po Mszy \u015bw., ubrany w ubogie szaty, by nie zwraca\u0107 na siebie uwagi, decyduje si\u0119 na ucieczk\u0119 Zostawi\u0142 list, w kt\u00f3rym t\u0142umaczy si\u0119 przed Paw\u0142em i Bili\u0144skim dlaczego podj\u0105\u0142 tak\u0105 decyzj\u0119 oraz prosi o po\u017cegnanie w jego imieniu rodzic\u00f3w. Pawe\u0142 z B\u0142li\u0144skim zorganizowali po\u015bcig, Stanis\u0142awa jednak nie rozpoznano, gdy\u017c by\u0142 przebrany w ubranie \u017cebracze.<\/h4>\n<h4 style=\"text-align: justify;\">Stanis\u0142aw uda\u0142 si\u0119 najpierw do Augsburga, a nast\u0119pnie do Dylingi, maj\u0105c nadziej\u0119, \u017ce mo\u017ce b\u0119dzie przyj\u0119ty przez prowincja\u0142a Jezuit\u00f3w w Niemczech, Ojca Piotra Kanizjusza. Zacny Ojciec Piotr Kanizjusz, p\u00f3\u017aniejszy \u015bwi\u0119ty, przekona\u0142 si\u0119 o wielkiej warto\u015bci Stanis\u0142awa i da\u0142 mu rad\u0119: je\u015bli chcesz by\u0107 zakonnikiem, id\u017a do samego genera\u0142a Ojc\u00f3w Jezuit\u00f3w do Rzymu. Wystawi\u0142 te\u017c Stanis\u0142awowi wspania\u0142\u0105 opini\u0119, pisz\u0105c: \u201d Spodziewam si\u0119 po nim rzeczy przedziwnych \u201e.<\/h4>\n<h4 style=\"text-align: justify;\"><a href=\"http:\/\/parafiasmardzewo.pl\/wp-content\/uploads\/2016\/02\/DSC_0061-680x1024.jpg\"><img loading=\"lazy\" class=\"alignright wp-image-133 size-medium\" src=\"http:\/\/parafiasmardzewo.pl\/wp-content\/uploads\/2016\/02\/DSC_0061-680x1024-199x300.jpg\" alt=\"DSC_0061-680x1024\" width=\"199\" height=\"300\" \/><\/a>Podczas d\u0142ugiej i bardzo uci\u0105\u017cliwej podr\u00f3\u017cy Stanis\u0142aw napisa\u0142 list do rodzic\u00f3w. Do Rzymu przyby\u0142 25 pa\u017adziernika 1567 r. i zapuka\u0142 do furty klasztornej Ojc\u00f3w Jezuit\u00f3w. Genera\u0142 O. Franciszek Borgiasz, p\u00f3\u017aniejszy \u015bwi\u0119ty, zadecydowa\u0142 o przyj\u0119ciu Stanis\u0142awa do nowicjatu wbrew woli rodzic\u00f3w. Ceremonia przyj\u0119cia odby\u0142a si\u0119 w trzy dni p\u00f3\u017aniej, 28 pa\u017adziernika 1567 roku.<\/h4>\n<h4 style=\"text-align: justify;\">W nowicjacie, jak stwierdzili liczni \u015bwiadkowie, by\u0142 wzorem zakonnika. Naj\u015bwi\u0119tsz\u0105 Maryj\u0119 Pann\u0119 nazywa\u0142 swoj\u0105 Matk\u0105 i Pani\u0105. Na miesi\u0105c przed \u015bmierci\u0105 Stanis\u0142aw wyzna\u0142 przyjacio\u0142om, \u017ce nie opuszcza go przeczucie o bliskiej \u015bmierci. W dniu \u015bw. Wawrzy\u0144ca, 10 sierpnia 1568 r. w rocznic\u0119 swej ucieczki z Wiednia, zachorowa\u0142 i po raz drugi ujawni\u0142 swe przeczucie bliskiej \u015bmierci. Prosi\u0142 Matk\u0119 Bo\u017c\u0105, by Jej Wniebowzi\u0119cie m\u00f3g\u0142 prze\u017cywa\u0107 w niebie. Stan jego zdrowia nagle si\u0119 pogorszy\u0142, poprosi\u0142 wiec o spowied\u017a, przyj\u0105\u0142 Komuni\u0119 \u015bw i Sakrament Chorych. Osiemnastoletnie jego \u017cycie dobiega\u0142o ko\u0144ca. Odchodzi\u0142 z tego \u015bwiata z ca\u0142\u0105 \u015bwiadomo\u015bci\u0105. Z krzy\u017cem i obrazkiem Matki Bo\u017cej w r\u0119ku dnia 15 sierpnia 1568 roku o godzinie trzeciej zasn\u0105\u0142 cicho i spokojnie. Ko\u015bci\u00f3\u0142 og\u0142osi\u0142 go b\u0142ogos\u0142awionym w roku 1605, a \u015bwi\u0119tym w roku 1726.<\/h4>\n<h4 style=\"text-align: justify;\"><\/h4>\n","protected":false},"excerpt":{"rendered":"<p>\u015aw. Stanis\u0142aw Kostka urodzi\u0142 si\u0119 w grudniu 1550 r. w Rostkowie. Ochrzczony zosta\u0142 w ko\u015bciele parafialnym \u015bw. Wojciecha w Przasnyszu. Rodzice jego \u2013 Jan Kostka, kasztelan zakroczymski i Ma\u0142gorzata z Kryskich, pochodz\u0105ca z Drobina ko\u0142o P\u0142ocka \u2013 byli bardzo religijni. Mia\u0142 czworo rodze\u0144stwa: trzech braci \u2013 Paw\u0142a, Wojciecha i Miko\u0142aja oraz siostr\u0119 Ann\u0119. Bracia \u2013 &hellip; <\/p>\n<p><a class=\"more-link btn\" href=\"https:\/\/parafiasmardzewo.pl\/?page_id=152\">Kontynuuj czytanie<\/a><\/p>\n","protected":false},"author":1,"featured_media":0,"parent":0,"menu_order":0,"comment_status":"open","ping_status":"open","template":"","meta":[],"_links":{"self":[{"href":"https:\/\/parafiasmardzewo.pl\/index.php?rest_route=\/wp\/v2\/pages\/152"}],"collection":[{"href":"https:\/\/parafiasmardzewo.pl\/index.php?rest_route=\/wp\/v2\/pages"}],"about":[{"href":"https:\/\/parafiasmardzewo.pl\/index.php?rest_route=\/wp\/v2\/types\/page"}],"author":[{"embeddable":true,"href":"https:\/\/parafiasmardzewo.pl\/index.php?rest_route=\/wp\/v2\/users\/1"}],"replies":[{"embeddable":true,"href":"https:\/\/parafiasmardzewo.pl\/index.php?rest_route=%2Fwp%2Fv2%2Fcomments&post=152"}],"version-history":[{"count":0,"href":"https:\/\/parafiasmardzewo.pl\/index.php?rest_route=\/wp\/v2\/pages\/152\/revisions"}],"wp:attachment":[{"href":"https:\/\/parafiasmardzewo.pl\/index.php?rest_route=%2Fwp%2Fv2%2Fmedia&parent=152"}],"curies":[{"name":"wp","href":"https:\/\/api.w.org\/{rel}","templated":true}]}}