{"id":167,"date":"2016-02-13T09:58:40","date_gmt":"2016-02-13T09:58:40","guid":{"rendered":"http:\/\/parafiasmardzewo.pl\/?page_id=167"},"modified":"2016-02-13T09:58:40","modified_gmt":"2016-02-13T09:58:40","slug":"duszpasterze","status":"publish","type":"page","link":"https:\/\/parafiasmardzewo.pl\/?page_id=167","title":{"rendered":"Duszpasterze"},"content":{"rendered":"<h1 style=\"text-align: center;\"><strong>Ksi\u0119\u017ca pracuj\u0105cy w Smardzewie<\/strong><\/h1>\n<div id=\"attachment_253\" style=\"width: 209px\" class=\"wp-caption alignleft\"><a href=\"http:\/\/parafiasmardzewo.pl\/wp-content\/uploads\/2016\/02\/Pikus.jpg\"><img aria-describedby=\"caption-attachment-253\" loading=\"lazy\" class=\"size-medium wp-image-253\" src=\"http:\/\/parafiasmardzewo.pl\/wp-content\/uploads\/2016\/02\/Pikus-209x300.jpg\" alt=\"Ks. Marian Pikus \" width=\"209\" height=\"300\" \/><\/a><p id=\"caption-attachment-253\" class=\"wp-caption-text\">Ks. Marian Pikus<\/p><\/div>\n<h3 style=\"text-align: justify;\"><strong>\u2020\u00a0Ks. Marian Pikus<\/strong> ur. 24 V 1934 r., zmar\u0142 10 V 1968r. Od 1 stycznia 1967 r. z cz\u0119\u015bci parafii Sarbiewo utworzono Samodzielny O\u015brodek Duszpasterski w Smardzewie. Pierwszym jego duszpasterzem zosta\u0142 ks. Marian Pikus, dotychczasowy wikariusz parafii Sarbiewo. W Smardzewie pracowa\u0142 ks. Marian do przedwczesnej \u015bmierci. Zosta\u0142 pochowany w swojej rodzinnej parafii w Koziczynku.<\/h3>\n<h3><\/h3>\n<p>&nbsp;<\/p>\n<p>&nbsp;<\/p>\n<p>&nbsp;<\/p>\n<p>&nbsp;<\/p>\n<p>&nbsp;<\/p>\n<div id=\"attachment_254\" style=\"width: 208px\" class=\"wp-caption alignleft\"><a href=\"http:\/\/parafiasmardzewo.pl\/wp-content\/uploads\/2016\/02\/Przybylowski.jpg\"><img aria-describedby=\"caption-attachment-254\" loading=\"lazy\" class=\"wp-image-254 size-medium\" src=\"http:\/\/parafiasmardzewo.pl\/wp-content\/uploads\/2016\/02\/Przybylowski-208x300.jpg\" alt=\"Ks. Kazimierz Przyby\u0142owski \" width=\"208\" height=\"300\" \/><\/a><p id=\"caption-attachment-254\" class=\"wp-caption-text\">Ks. Kazimierz Przyby\u0142owski<\/p><\/div>\n<h3 style=\"text-align: justify;\"><strong>Ks. Kazimierz Przyby\u0142owski<\/strong> ur. 17 II 1935 r. w \u017bytowie ko\u0142o Sierpca<strong>, <\/strong>zosta\u0142 wy\u015bwi\u0119cony na kap\u0142ana 8 VI 1958 r. w P\u0142ocku. Przej\u0105\u0142 obowi\u0105zki duszpasterskie w Smardzewie po ks. Marianie Pikusie w 1968 roku i duszpasterzowa\u0142 przez 21 lat, do 1989 r. W 1980 r., gdy w Smardzewie erygowano parafi\u0119 pw. \u015bw. Stanis\u0142awa Kostki, zosta\u0142 mianowany jej pierwszym proboszczem. Obecnie, jako emeryt, przebywa w Domu Ksi\u0119\u017cy Emeryt\u00f3w w P\u0142ocku.<\/h3>\n<p>&nbsp;<\/p>\n<p>&nbsp;<\/p>\n<p>&nbsp;<\/p>\n<p>&nbsp;<\/p>\n<p>&nbsp;<\/p>\n<div id=\"attachment_264\" style=\"width: 204px\" class=\"wp-caption alignleft\"><a href=\"http:\/\/parafiasmardzewo.pl\/wp-content\/uploads\/2016\/02\/Blaszczak.jpg\"><img aria-describedby=\"caption-attachment-264\" loading=\"lazy\" class=\"size-medium wp-image-264\" src=\"http:\/\/parafiasmardzewo.pl\/wp-content\/uploads\/2016\/02\/Blaszczak-204x300.jpg\" alt=\"Ks. kan. mgr J\u00f3zef B\u0142aszczak \" width=\"204\" height=\"300\" \/><\/a><p id=\"caption-attachment-264\" class=\"wp-caption-text\">Ks. kan. mgr J\u00f3zef B\u0142aszczak<\/p><\/div>\n<h3 style=\"text-align: justify;\"><strong>Ks. kan. mgr J\u00f3zef B\u0142aszczak<\/strong> ur. 5 II 1953 r. w miejscowo\u015bci Go\u0142awice Pierwsze. \u015awi\u0119cenia kap\u0142a\u0144skie przyj\u0105\u0142 6 VI 1978 r. w P\u0142ocku. By\u0142 proboszczem parafii Smardzewo w latach 1989 \u2013 1996. Obecnie pracuje jako proboszcz w parafii pw. \u015bw. Anny w Strzegowie.<\/h3>\n<p>&nbsp;<\/p>\n<p>&nbsp;<\/p>\n<p>&nbsp;<\/p>\n<p>&nbsp;<\/p>\n<p>&nbsp;<\/p>\n<p>&nbsp;<\/p>\n<p>&nbsp;<\/p>\n<p>&nbsp;<\/p>\n<div id=\"attachment_252\" style=\"width: 214px\" class=\"wp-caption alignleft\"><a href=\"http:\/\/parafiasmardzewo.pl\/wp-content\/uploads\/2016\/02\/Kozlowski.jpg\"><img aria-describedby=\"caption-attachment-252\" loading=\"lazy\" class=\"wp-image-252 size-medium\" src=\"http:\/\/parafiasmardzewo.pl\/wp-content\/uploads\/2016\/02\/Kozlowski-214x300.jpg\" alt=\"Kozlowski\" width=\"214\" height=\"300\" \/><\/a><p id=\"caption-attachment-252\" class=\"wp-caption-text\">Ks. kan. mgr Jan Koz\u0142owski<\/p><\/div>\n<h3 style=\"text-align: justify;\"><strong>Ks. kan. mgr Jan Koz\u0142owski<\/strong> ur. 31 III 1955 r. w P\u0142o\u0144sku. \u015awi\u0119cenia kap\u0142a\u0144skie przyj\u0105\u0142 25 V 1980 r. w P\u0142ocku. W Smardzewie pracowa\u0142 jako proboszcz przez kilka miesi\u0119cy w 1996 r. Z racji zdrowotnych musia\u0142 zrezygnowa\u0107 z pracy duszpasterskiej. Obecnie jest pracownikiem Biblioteki WSD w P\u0142ocku.<\/h3>\n<p>&nbsp;<\/p>\n<p>&nbsp;<\/p>\n<p>&nbsp;<\/p>\n<p>&nbsp;<\/p>\n<p>&nbsp;<\/p>\n<p>&nbsp;<\/p>\n<dl id=\"attachment_434\" class=\"wp-caption alignleft\" style=\"width: 214px;\">\n<dt class=\"wp-caption-dt\"><a href=\"http:\/\/parafiasmardzewo.pl\/wp-content\/uploads\/2016\/02\/henryk.png\"><img loading=\"lazy\" class=\"size-medium wp-image-434\" src=\"http:\/\/parafiasmardzewo.pl\/wp-content\/uploads\/2016\/02\/henryk-204x300.png\" alt=\"Ks. kan. mgr Henryk Dymek\" width=\"204\" height=\"300\" \/><\/a><\/dt>\n<dd class=\"wp-caption-dd\">Ks. kan. mgr Henryk Dymek<\/dd>\n<\/dl>\n<h3 style=\"text-align: justify;\"><strong>Ks. kan. mgr Henryk Dymek<\/strong> ur. 9 II 1956 r. w Sierpcu. Zosta\u0142 wy\u015bwiecony na kap\u0142ana 5 VI 1983 r. w P\u0142ocku. Od 22 X 1996 roku jest proboszczem par. pw. \u015bw. Stanis\u0142awa Kostki w Smardzewie, a od 2011 r\u00f3wnie\u017c kustoszem Diecezjalnego Sanktuarium Matki Bo\u017cej R\u00f3\u017ca\u0144cowej w Smardzewie.<\/h3>\n","protected":false},"excerpt":{"rendered":"<p>Ksi\u0119\u017ca pracuj\u0105cy w Smardzewie \u2020\u00a0Ks. Marian Pikus ur. 24 V 1934 r., zmar\u0142 10 V 1968r. Od 1 stycznia 1967 r. z cz\u0119\u015bci parafii Sarbiewo utworzono Samodzielny O\u015brodek Duszpasterski w Smardzewie. Pierwszym jego duszpasterzem zosta\u0142 ks. Marian Pikus, dotychczasowy wikariusz parafii Sarbiewo. W Smardzewie pracowa\u0142 ks. Marian do przedwczesnej \u015bmierci. Zosta\u0142 pochowany w swojej rodzinnej &hellip; <\/p>\n<p><a class=\"more-link btn\" href=\"https:\/\/parafiasmardzewo.pl\/?page_id=167\">Kontynuuj czytanie<\/a><\/p>\n","protected":false},"author":1,"featured_media":0,"parent":0,"menu_order":0,"comment_status":"open","ping_status":"open","template":"","meta":[],"_links":{"self":[{"href":"https:\/\/parafiasmardzewo.pl\/index.php?rest_route=\/wp\/v2\/pages\/167"}],"collection":[{"href":"https:\/\/parafiasmardzewo.pl\/index.php?rest_route=\/wp\/v2\/pages"}],"about":[{"href":"https:\/\/parafiasmardzewo.pl\/index.php?rest_route=\/wp\/v2\/types\/page"}],"author":[{"embeddable":true,"href":"https:\/\/parafiasmardzewo.pl\/index.php?rest_route=\/wp\/v2\/users\/1"}],"replies":[{"embeddable":true,"href":"https:\/\/parafiasmardzewo.pl\/index.php?rest_route=%2Fwp%2Fv2%2Fcomments&post=167"}],"version-history":[{"count":0,"href":"https:\/\/parafiasmardzewo.pl\/index.php?rest_route=\/wp\/v2\/pages\/167\/revisions"}],"wp:attachment":[{"href":"https:\/\/parafiasmardzewo.pl\/index.php?rest_route=%2Fwp%2Fv2%2Fmedia&parent=167"}],"curies":[{"name":"wp","href":"https:\/\/api.w.org\/{rel}","templated":true}]}}