{"id":29,"date":"2016-02-05T16:17:52","date_gmt":"2016-02-05T16:17:52","guid":{"rendered":"http:\/\/parafiasmardzewo.pl\/?page_id=29"},"modified":"2018-11-17T20:51:34","modified_gmt":"2018-11-17T19:51:34","slug":"grupa-szkaplerza-swietego","status":"publish","type":"page","link":"https:\/\/parafiasmardzewo.pl\/?page_id=29","title":{"rendered":"Grupa Szkaplerza \u015awi\u0119tego"},"content":{"rendered":"<h3 style=\"text-align: justify;\"><a href=\"http:\/\/parafiasmardzewo.pl\/wp-content\/uploads\/2016\/02\/szkaplerz.jpg\"><img loading=\"lazy\" class=\"alignleft size-medium wp-image-243\" src=\"http:\/\/parafiasmardzewo.pl\/wp-content\/uploads\/2016\/02\/szkaplerz-210x300.jpg\" alt=\"Okadka_alvarez wysyka.indd\" width=\"210\" height=\"300\" \/><\/a>W roku 2008, w czasie rekolekcji wielkopostnych w naszej parafii, 46 os\u00f3b z naszej wsp\u00f3lnoty w uroczysty spos\u00f3b zosta\u0142o przyj\u0119tych do Szkaplerzna \u015bwi\u0119tego. Do dnia dzisiejszego oko\u0142o 40 os\u00f3b codziennie odmawia modlitwy do Matki Bo\u017cej, zgodnie z zaleceniami. Kilka razy w ci\u0105gu roku uczestnicz\u0105 we Mszy \u015bwi\u0119tej, w czasie kt\u00f3rej \u00a0g\u0142oszone jest S\u0142owo Bo\u017ce o przynale\u017cno\u015bci do Szkaplerzna \u015bwi\u0119tego i wynikaj\u0105cych z tego dobrach duchowych.<\/h3>\n<h3><\/h3>\n<p>&nbsp;<\/p>\n<p>&nbsp;<\/p>\n<p>&nbsp;<\/p>\n<h3><strong>Cz\u0142onkowie Szkaplerza \u015awi\u0119tego<\/strong><\/h3>\n<ol style=\"font-size: medium;\">\n<li>Bramowicz Barbara<\/li>\n<li>Bramowicz Stanis\u0142aw<\/li>\n<li>Chojnacka Zofia<\/li>\n<li>Cieszewska Zofia<\/li>\n<li>Cytloch Regina<\/li>\n<li>Czarnecka Maria<\/li>\n<li>Dominiak Maria<\/li>\n<li>Duszy\u0144ska Teresa<\/li>\n<li>Dymek Henryk<\/li>\n<li>Gierkowski Mateusz<\/li>\n<li>Gierkowska Klaudia<\/li>\n<li>Godlewski Stefan<\/li>\n<li>Go\u0142\u0119biewska Jadwiga<\/li>\n<li>Go\u0142\u0119biewski Andrzej<\/li>\n<li>Goszczy\u0144ska Halina<\/li>\n<li>Grabowska Justyna<\/li>\n<li>Gwiazdowska Barbara<\/li>\n<li>Jasi\u0144ska Maria<\/li>\n<li>Ko\u0142odziejczyk Jadwiga<\/li>\n<li>Liberadzki Grzegorz<\/li>\n<li>Matczak Hanna<\/li>\n<li>Mo\u017cd\u017conek Maria<\/li>\n<li>Mro\u015bkiewicz Daniela<\/li>\n<li>Nies\u0142uchowska Maria<\/li>\n<li>Osi\u0144ska Joanna<\/li>\n<li>Parulska Agata<\/li>\n<li>Paw\u0142owska Teresa<\/li>\n<li>Porkuszewska Danuta<\/li>\n<li>Rachocka Maria<\/li>\n<li>Romanowska Gra\u017cyna<\/li>\n<li>Sacherska Zofia<\/li>\n<li>Skwarska Joanna<\/li>\n<li>We\u0142na Emilia<\/li>\n<li>Wiktorowicz Jadwiga<\/li>\n<li>Wi\u015bniewska Halina<\/li>\n<li>Wi\u015bniewska Janina<\/li>\n<li>Wolert Marianna<\/li>\n<li>Za\u0142\u0119cka Barbara<\/li>\n<li>Za\u0142\u0119cka Halina<\/li>\n<li>\u017bulawnik Monika<\/li>\n<\/ol>\n","protected":false},"excerpt":{"rendered":"<p>W roku 2008, w czasie rekolekcji wielkopostnych w naszej parafii, 46 os\u00f3b z naszej wsp\u00f3lnoty w uroczysty spos\u00f3b zosta\u0142o przyj\u0119tych do Szkaplerzna \u015bwi\u0119tego. Do dnia dzisiejszego oko\u0142o 40 os\u00f3b codziennie odmawia modlitwy do Matki Bo\u017cej, zgodnie z zaleceniami. Kilka razy w ci\u0105gu roku uczestnicz\u0105 we Mszy \u015bwi\u0119tej, w czasie kt\u00f3rej \u00a0g\u0142oszone jest S\u0142owo Bo\u017ce o &hellip; <\/p>\n<p><a class=\"more-link btn\" href=\"https:\/\/parafiasmardzewo.pl\/?page_id=29\">Kontynuuj czytanie<\/a><\/p>\n","protected":false},"author":1,"featured_media":243,"parent":9,"menu_order":0,"comment_status":"open","ping_status":"open","template":"","meta":[],"_links":{"self":[{"href":"https:\/\/parafiasmardzewo.pl\/index.php?rest_route=\/wp\/v2\/pages\/29"}],"collection":[{"href":"https:\/\/parafiasmardzewo.pl\/index.php?rest_route=\/wp\/v2\/pages"}],"about":[{"href":"https:\/\/parafiasmardzewo.pl\/index.php?rest_route=\/wp\/v2\/types\/page"}],"author":[{"embeddable":true,"href":"https:\/\/parafiasmardzewo.pl\/index.php?rest_route=\/wp\/v2\/users\/1"}],"replies":[{"embeddable":true,"href":"https:\/\/parafiasmardzewo.pl\/index.php?rest_route=%2Fwp%2Fv2%2Fcomments&post=29"}],"version-history":[{"count":8,"href":"https:\/\/parafiasmardzewo.pl\/index.php?rest_route=\/wp\/v2\/pages\/29\/revisions"}],"predecessor-version":[{"id":5262,"href":"https:\/\/parafiasmardzewo.pl\/index.php?rest_route=\/wp\/v2\/pages\/29\/revisions\/5262"}],"up":[{"embeddable":true,"href":"https:\/\/parafiasmardzewo.pl\/index.php?rest_route=\/wp\/v2\/pages\/9"}],"wp:featuredmedia":[{"embeddable":true,"href":"https:\/\/parafiasmardzewo.pl\/index.php?rest_route=\/wp\/v2\/media\/243"}],"wp:attachment":[{"href":"https:\/\/parafiasmardzewo.pl\/index.php?rest_route=%2Fwp%2Fv2%2Fmedia&parent=29"}],"curies":[{"name":"wp","href":"https:\/\/api.w.org\/{rel}","templated":true}]}}