{"id":444,"date":"2016-07-17T06:27:22","date_gmt":"2016-07-17T06:27:22","guid":{"rendered":"http:\/\/parafiasmardzewo.pl\/?page_id=444"},"modified":"2018-11-17T20:57:15","modified_gmt":"2018-11-17T19:57:15","slug":"ministranci","status":"publish","type":"page","link":"https:\/\/parafiasmardzewo.pl\/?page_id=444","title":{"rendered":"Ministranci\/Lektorzy"},"content":{"rendered":"<h3><a href=\"http:\/\/parafiasmardzewo.pl\/wp-content\/uploads\/2016\/07\/DSC_0033.jpg\"><img loading=\"lazy\" class=\"aligncenter wp-image-219 size-medium\" src=\"http:\/\/parafiasmardzewo.pl\/wp-content\/uploads\/2016\/07\/DSC_0033-300x201.jpg\" alt=\"DSC_0033\" width=\"300\" height=\"201\" \/><\/a><\/h3>\n<h3><strong>Ministranci parafii \u015bw. Stanis\u0142awa Kostki w Smardzewie:<\/strong><\/h3>\n<ol style=\"font-size: medium;\">\n<li>Banasiewicz Mateusz<\/li>\n<li>Banasiewicz Kacper<\/li>\n<li>Bi\u0144czycki Micha\u0142<\/li>\n<li>Bluszcz Mateusz<\/li>\n<li>D\u0142ugo\u0142\u0119cki Daniel<\/li>\n<li>Duma\u0144ski \u0141ukasz<\/li>\n<li>Dole\u0144ski Alan<\/li>\n<li>J\u0119drzejewski Jakub<\/li>\n<li>Kope\u0107 Maciej<\/li>\n<li>Sosi\u0144ski Kacper<\/li>\n<li>Sosnowski Patryk<\/li>\n<li>Stache Franciszek<\/li>\n<li>Sta\u0144czak Witold<\/li>\n<li>Wro\u0144ski Rados\u0142aw<\/li>\n<li>Wr\u00f3blewski Maciej<\/li>\n<\/ol>\n<h3><strong>Lektorzy:<\/strong><\/h3>\n<ol style=\"font-size: medium;\">\n<li>Banasiewicz Julia<\/li>\n<li>Duma\u0144ski \u0141ukasz<\/li>\n<li>M\u0105czy\u0144ska Aleksandra<\/li>\n<li>M\u0105czy\u0144ska Zofia<\/li>\n<li>Skwarska Julia &#8211; Kantor<\/li>\n<li>Sta\u0144czak Witold<\/li>\n<\/ol>\n","protected":false},"excerpt":{"rendered":"<p>Ministranci parafii \u015bw. Stanis\u0142awa Kostki w Smardzewie: Banasiewicz Mateusz Banasiewicz Kacper Bi\u0144czycki Micha\u0142 Bluszcz Mateusz D\u0142ugo\u0142\u0119cki Daniel Duma\u0144ski \u0141ukasz Dole\u0144ski Alan J\u0119drzejewski Jakub Kope\u0107 Maciej Sosi\u0144ski Kacper Sosnowski Patryk Stache Franciszek Sta\u0144czak Witold Wro\u0144ski Rados\u0142aw Wr\u00f3blewski Maciej Lektorzy: Banasiewicz Julia Duma\u0144ski \u0141ukasz M\u0105czy\u0144ska Aleksandra M\u0105czy\u0144ska Zofia Skwarska Julia &#8211; Kantor Sta\u0144czak Witold<\/p>\n","protected":false},"author":1,"featured_media":500,"parent":9,"menu_order":0,"comment_status":"open","ping_status":"open","template":"","meta":[],"_links":{"self":[{"href":"https:\/\/parafiasmardzewo.pl\/index.php?rest_route=\/wp\/v2\/pages\/444"}],"collection":[{"href":"https:\/\/parafiasmardzewo.pl\/index.php?rest_route=\/wp\/v2\/pages"}],"about":[{"href":"https:\/\/parafiasmardzewo.pl\/index.php?rest_route=\/wp\/v2\/types\/page"}],"author":[{"embeddable":true,"href":"https:\/\/parafiasmardzewo.pl\/index.php?rest_route=\/wp\/v2\/users\/1"}],"replies":[{"embeddable":true,"href":"https:\/\/parafiasmardzewo.pl\/index.php?rest_route=%2Fwp%2Fv2%2Fcomments&post=444"}],"version-history":[{"count":6,"href":"https:\/\/parafiasmardzewo.pl\/index.php?rest_route=\/wp\/v2\/pages\/444\/revisions"}],"predecessor-version":[{"id":5263,"href":"https:\/\/parafiasmardzewo.pl\/index.php?rest_route=\/wp\/v2\/pages\/444\/revisions\/5263"}],"up":[{"embeddable":true,"href":"https:\/\/parafiasmardzewo.pl\/index.php?rest_route=\/wp\/v2\/pages\/9"}],"wp:featuredmedia":[{"embeddable":true,"href":"https:\/\/parafiasmardzewo.pl\/index.php?rest_route=\/wp\/v2\/media\/500"}],"wp:attachment":[{"href":"https:\/\/parafiasmardzewo.pl\/index.php?rest_route=%2Fwp%2Fv2%2Fmedia&parent=444"}],"curies":[{"name":"wp","href":"https:\/\/api.w.org\/{rel}","templated":true}]}}