{"id":448,"date":"2016-07-17T06:35:30","date_gmt":"2016-07-17T06:35:30","guid":{"rendered":"http:\/\/parafiasmardzewo.pl\/?page_id=448"},"modified":"2017-03-12T11:27:35","modified_gmt":"2017-03-12T10:27:35","slug":"asysta-procesyjna","status":"publish","type":"page","link":"https:\/\/parafiasmardzewo.pl\/?page_id=448","title":{"rendered":"Asysta procesyjna"},"content":{"rendered":"<h3><a href=\"http:\/\/parafiasmardzewo.pl\/wp-content\/uploads\/2016\/07\/DSC_0006.jpg\"><img loading=\"lazy\" class=\"alignnone size-medium wp-image-498\" src=\"http:\/\/parafiasmardzewo.pl\/wp-content\/uploads\/2016\/07\/DSC_0006-300x201.jpg\" alt=\"DSC_0006\" width=\"300\" height=\"201\" \/><\/a><\/h3>\n<h3><strong>Asysta procesyjna<\/strong><\/h3>\n<h3 style=\"text-align: justify;\">Asysta procesyjna istnieje w parafii \u015bw. Stanis\u0142awa Kostki w Smardzewie od roku 1967 czyli od powstania Samodzielnego O\u015brodka Duszpasterskiego. Do asysty nale\u017c\u0105: dzieci, m\u0142odzie\u017c i osoby doros\u0142e. Cz\u0142onkowie asysty bior\u0105 czynny udzia\u0142 w czasie odpust\u00f3w parafialnych, w procesji rezurekcyjnej i w ka\u017cd\u0105 pierwsz\u0105 niedziel\u0119 miesi\u0105ca od \u015bwi\u0105t wielkanocnych do 1 listopada.<\/p>\n<p>Osoby nale\u017c\u0105ce:<br \/>\n<\/h3>\n<ol style=\"font-size: medium;\">\n<li>Banasiewicz Julia<\/li>\n<li>Bluszcz Hanna<\/li>\n<li>Chojnacka Bo\u017cena<\/li>\n<li>Cichocka Izabela<\/li>\n<li>Cichocka Katarzyna<\/li>\n<li>Czarnecka Beata<\/li>\n<li>Czy\u017cewska Julia<\/li>\n<li>Dalgiewicz El\u017cbieta<\/li>\n<li>Drogosz Wies\u0142aw<\/li>\n<li>Dziedzic Bogumi\u0142a<\/li>\n<li>Gierkowska Bernarda<\/li>\n<li>Gierkowski Wies\u0142aw<\/li>\n<li>Grabowska Jadwiga<\/li>\n<li>Kolankowska Stanis\u0142awa<\/li>\n<li>Kosobudzka Karolina<\/li>\n<li>Kosobudzka Gra\u017cyna<\/li>\n<li>Kryska Beata<\/li>\n<li>Kryska Marcin<\/li>\n<li>Lubelska Krystyna<\/li>\n<li>Matczak Hanna<\/li>\n<li>Miecznikowska Hanna<\/li>\n<li>Mro\u015bkiewicz Stanis\u0142aw<\/li>\n<li>Pajewski Jan<\/li>\n<li>Piotrowska Marta<\/li>\n<li>Piotrowski Wies\u0142aw<\/li>\n<li>Romanowska Gra\u017cyna<\/li>\n<li>\u00a0Ryzi\u0144ska Teresa<\/li>\n<li>Sacherska Zofia<\/li>\n<li>Sikorski Zbigniew<\/li>\n<li>Skwarska Joanna<\/li>\n<li>Skwarska Julia<\/li>\n<li>Szcze\u015bniewska Emilia<\/li>\n<li>Smoli\u0144ska Bogus\u0142awa<\/li>\n<li>Turalski Robert<\/li>\n<li>Wiktorowicz Jadwiga<\/li>\n<li>Wi\u015bniewska Janina<\/li>\n<li>Wro\u0144ska Zofia<\/li>\n<li>Wychucka Marta<\/li>\n<li>Za\u0142\u0119cka Ewelina<\/li>\n<li>\u017bbikowski Ignacy<\/li>\n<\/ol>\n","protected":false},"excerpt":{"rendered":"<p>Asysta procesyjna Asysta procesyjna istnieje w parafii \u015bw. Stanis\u0142awa Kostki w Smardzewie od roku 1967 czyli od powstania Samodzielnego O\u015brodka Duszpasterskiego. Do asysty nale\u017c\u0105: dzieci, m\u0142odzie\u017c i osoby doros\u0142e. Cz\u0142onkowie asysty bior\u0105 czynny udzia\u0142 w czasie odpust\u00f3w parafialnych, w procesji rezurekcyjnej i w ka\u017cd\u0105 pierwsz\u0105 niedziel\u0119 miesi\u0105ca od \u015bwi\u0105t wielkanocnych do 1 listopada. Osoby nale\u017c\u0105ce: &hellip; <\/p>\n<p><a class=\"more-link btn\" href=\"https:\/\/parafiasmardzewo.pl\/?page_id=448\">Kontynuuj czytanie<\/a><\/p>\n","protected":false},"author":1,"featured_media":498,"parent":9,"menu_order":0,"comment_status":"open","ping_status":"open","template":"","meta":[],"_links":{"self":[{"href":"https:\/\/parafiasmardzewo.pl\/index.php?rest_route=\/wp\/v2\/pages\/448"}],"collection":[{"href":"https:\/\/parafiasmardzewo.pl\/index.php?rest_route=\/wp\/v2\/pages"}],"about":[{"href":"https:\/\/parafiasmardzewo.pl\/index.php?rest_route=\/wp\/v2\/types\/page"}],"author":[{"embeddable":true,"href":"https:\/\/parafiasmardzewo.pl\/index.php?rest_route=\/wp\/v2\/users\/1"}],"replies":[{"embeddable":true,"href":"https:\/\/parafiasmardzewo.pl\/index.php?rest_route=%2Fwp%2Fv2%2Fcomments&post=448"}],"version-history":[{"count":6,"href":"https:\/\/parafiasmardzewo.pl\/index.php?rest_route=\/wp\/v2\/pages\/448\/revisions"}],"predecessor-version":[{"id":3314,"href":"https:\/\/parafiasmardzewo.pl\/index.php?rest_route=\/wp\/v2\/pages\/448\/revisions\/3314"}],"up":[{"embeddable":true,"href":"https:\/\/parafiasmardzewo.pl\/index.php?rest_route=\/wp\/v2\/pages\/9"}],"wp:featuredmedia":[{"embeddable":true,"href":"https:\/\/parafiasmardzewo.pl\/index.php?rest_route=\/wp\/v2\/media\/498"}],"wp:attachment":[{"href":"https:\/\/parafiasmardzewo.pl\/index.php?rest_route=%2Fwp%2Fv2%2Fmedia&parent=448"}],"curies":[{"name":"wp","href":"https:\/\/api.w.org\/{rel}","templated":true}]}}